{"id":37,"date":"2022-06-01T12:30:18","date_gmt":"2022-06-01T12:30:18","guid":{"rendered":"http:\/\/170.210.83.55\/?page_id=37"},"modified":"2026-02-24T13:50:21","modified_gmt":"2026-02-24T16:50:21","slug":"hemeroteca","status":"publish","type":"page","link":"https:\/\/bibliocentral.uncoma.edu.ar\/index.php\/hemeroteca\/","title":{"rendered":"Hemeroteca"},"content":{"rendered":"\t\t<div data-elementor-type=\"wp-page\" data-elementor-id=\"37\" class=\"elementor elementor-37\">\n\t\t\t\t\t\t<section class=\"elementor-section elementor-top-section elementor-element elementor-element-3cce1518 elementor-section-boxed elementor-section-height-default elementor-section-height-default\" data-id=\"3cce1518\" data-element_type=\"section\" data-e-type=\"section\">\n\t\t\t\t\t\t<div class=\"elementor-container elementor-column-gap-default\">\n\t\t\t\t\t<div class=\"elementor-column elementor-col-100 elementor-top-column elementor-element elementor-element-13fd1dcc\" data-id=\"13fd1dcc\" data-element_type=\"column\" data-e-type=\"column\">\n\t\t\t<div class=\"elementor-widget-wrap elementor-element-populated\">\n\t\t\t\t\t\t<div class=\"elementor-element elementor-element-3cdb0cde elementor-widget elementor-widget-text-editor\" data-id=\"3cdb0cde\" data-element_type=\"widget\" data-e-type=\"widget\" data-widget_type=\"text-editor.default\">\n\t\t\t\t<div class=\"elementor-widget-container\">\n\t\t\t\t\t\t\t\t\t<h2>HEMEROTECA<\/h2>\n<p class=\"western\" align=\"justify\">La <b>Hemeroteca <\/b>est<span style=\"color: #000000;\"><span style=\"font-family: Liberation Serif, serif;\"><span style=\"font-size: medium;\"><span lang=\"es-AR\">\u00e1<\/span><\/span><\/span><\/span> sit<span style=\"color: #000000;\"><span style=\"font-family: Liberation Serif, serif;\"><span style=\"font-size: medium;\"><span lang=\"es-AR\">uada en el primer piso de la Biblioteca Central, donde comparte el espacio f\u00edsico con la Biblioteca Patag\u00f3nica. <\/span><\/span><\/span><\/span><\/p>\n<p class=\"western\" align=\"justify\">Su material bibliogr\u00e1fico est<span style=\"color: #000000;\"><span style=\"font-family: Liberation Serif, serif;\"><span style=\"font-size: medium;\"><span lang=\"es-AR\">\u00e1<\/span><\/span><\/span><\/span> compuesto por una variada colecci<span style=\"color: #000000;\"><span style=\"font-family: Liberation Serif, serif;\"><span style=\"font-size: medium;\"><span lang=\"es-AR\">\u00f3n de <\/span><\/span><\/span><\/span>revistas acad\u00e9micas y culturales impresas, anuarios, boletines y series monogr\u00e1ficas, que superan los tres mil t<span style=\"color: #000000;\"><span style=\"font-family: Liberation Serif, serif;\"><span style=\"font-size: medium;\"><span lang=\"es-AR\">\u00edtulos <\/span><\/span><\/span><\/span> <span style=\"color: #000000;\"><span style=\"font-family: Liberation Serif, serif;\"><span style=\"font-size: medium;\"><span lang=\"es-AR\">y se pueden consultar en<\/span><\/span><\/span><\/span><span style=\"color: #000000;\"><span style=\"font-family: Liberation Serif, serif;\"><span style=\"font-size: medium;\"><span lang=\"es-AR\"> el cat\u00e1logo <\/span><\/span><\/span><\/span><a href=\"https:\/\/opac.uncoma.edu.ar\/cgi-bin\/koha\/opac-search.pl?advsearch=1&amp;weight_search=1&amp;do=Buscar&amp;limit=mc-loc%3ABP&amp;sort_by=relevance\" target=\"_blank\" rel=\"noopener\">OPAC<\/a><span style=\"color: #000000;\"><span style=\"font-family: Liberation Serif, serif;\"><span style=\"font-size: medium;\"><span lang=\"es-AR\">.<\/span><\/span><\/span><\/span><\/p>\n<p class=\"western\" align=\"justify\"><span style=\"font-family: Liberation Serif, serif;\"><span style=\"font-size: medium;\">El personal de Hemeroteca brinda asesoramiento a docentes, investigadores y estudiantes avanzados para el desarrollo de sus actividades espec\u00edficas. Est\u00e1 capacitado para la formaci\u00f3n de usuarios con el fin de que los mismos adquieran competencias y habilidades necesarias para garantizar el acceso, la gesti\u00f3n y el correcto uso de la informaci\u00f3n y el conocimiento cient\u00edfico acad\u00e9mico disponible.<\/span><\/span><\/p>\n<p class=\"western\" align=\"justify\"><span style=\"color: #000000;\"><span style=\"font-family: Liberation Serif, serif;\"><span style=\"font-size: medium;\"><span lang=\"es-AR\">A esto se le suma la tradicional tarea de resguardar, compilar y difundir colecciones de inter\u00e9s<\/span><\/span><\/span><\/span> general, algunas de ellas de renombre como \u201cSur\u201d, revista dirigida por Silvina Ocampo y PROA, fundada por Jorge Luis Borges, \u201cCap<span style=\"color: #000000;\"><span style=\"font-family: Liberation Serif, serif;\"><span style=\"font-size: medium;\"><span lang=\"es-AR\">\u00edtulo. La historia de la literatura Argentina\u201d, editada por el CEAL y \u201c<\/span><\/span><\/span><\/span><span style=\"color: #000000;\"><span style=\"font-family: Liberation Serif, serif;\"><span style=\"font-size: medium;\"><span lang=\"es-AR\">Cuadernos hispanoamericanos<\/span><\/span><\/span><\/span><span style=\"color: #000000;\"><span style=\"font-family: Liberation Serif, serif;\"><span style=\"font-size: medium;\"><span lang=\"es-AR\">\u201d, entre otras<\/span><\/span><\/span><\/span>.<\/p>\n<p class=\"western\" align=\"justify\">El horario de atenci<span style=\"font-family: Liberation Serif, serif;\"><span style=\"font-size: medium;\"><span lang=\"es-AR\">\u00f3n al p\u00fablico es de lunes a viernes de 8 a 20 horas y todo el material<\/span><\/span><\/span> <span style=\"font-family: Liberation Serif, serif;\"><span style=\"font-size: medium;\"><span lang=\"es-AR\">es de consulta in situ.<\/span><\/span><\/span><\/p>\n<p align=\"justify\">\u00a0<\/p>\n<p class=\"western\" align=\"justify\"><span style=\"font-family: Liberation Serif, serif;\"><span style=\"font-size: medium;\"><span lang=\"es-AR\">Rosela Q<\/span><\/span><\/span><span style=\"font-family: Liberation Serif, serif;\"><span style=\"font-size: medium;\"><span lang=\"es-AR\">uevedo<\/span><\/span><\/span><span style=\"font-family: Liberation Serif, serif;\"><span style=\"font-size: medium;\"><span lang=\"es-AR\">: \u00a0\u00a0<\/span><\/span><\/span><a href=\"mailto:rosela.quevedo@biblioteca.uncoma.edu.ar\">rosela.quevedo@biblioteca.uncoma.edu.ar<\/a><\/p>\n<p class=\"western\" align=\"justify\">Ornella Denicolai: <a href=\"mailto:ornella.denicolai@biblioteca.uncoma.edu.ar\">ornella.denicolai@biblioteca.uncoma.edu.ar<\/a><\/p>\n<p class=\"western\" align=\"justify\">Nadia Paris: \u00a0\u00a0 \u00a0\u00a0 \u00a0\u00a0 \u00a0\u00a0<a href=\"mailto:nadia.paris@biblioteca.uncoma.edu.ar\">nadia.paris@biblioteca.uncoma.edu.ar<\/a><\/p>\n<p><!-- \/wp:paragraph --><!-- wp:paragraph --><\/p>\n<p><!-- \/wp:paragraph --><\/p>\t\t\t\t\t\t\t\t<\/div>\n\t\t\t\t<\/div>\n\t\t\t\t\t<\/div>\n\t\t<\/div>\n\t\t\t\t\t<\/div>\n\t\t<\/section>\n\t\t\t\t<\/div>\n\t\t","protected":false},"excerpt":{"rendered":"<p>HEMEROTECA La Hemeroteca est\u00e1 situada en el primer piso de la Biblioteca Central, donde comparte&#8230;<\/p>\n","protected":false},"author":1,"featured_media":0,"parent":0,"menu_order":0,"comment_status":"closed","ping_status":"closed","template":"","meta":{"footnotes":""},"class_list":["post-37","page","type-page","status-publish","hentry"],"_links":{"self":[{"href":"https:\/\/bibliocentral.uncoma.edu.ar\/index.php\/wp-json\/wp\/v2\/pages\/37","targetHints":{"allow":["GET"]}}],"collection":[{"href":"https:\/\/bibliocentral.uncoma.edu.ar\/index.php\/wp-json\/wp\/v2\/pages"}],"about":[{"href":"https:\/\/bibliocentral.uncoma.edu.ar\/index.php\/wp-json\/wp\/v2\/types\/page"}],"author":[{"embeddable":true,"href":"https:\/\/bibliocentral.uncoma.edu.ar\/index.php\/wp-json\/wp\/v2\/users\/1"}],"replies":[{"embeddable":true,"href":"https:\/\/bibliocentral.uncoma.edu.ar\/index.php\/wp-json\/wp\/v2\/comments?post=37"}],"version-history":[{"count":37,"href":"https:\/\/bibliocentral.uncoma.edu.ar\/index.php\/wp-json\/wp\/v2\/pages\/37\/revisions"}],"predecessor-version":[{"id":3489,"href":"https:\/\/bibliocentral.uncoma.edu.ar\/index.php\/wp-json\/wp\/v2\/pages\/37\/revisions\/3489"}],"wp:attachment":[{"href":"https:\/\/bibliocentral.uncoma.edu.ar\/index.php\/wp-json\/wp\/v2\/media?parent=37"}],"curies":[{"name":"wp","href":"https:\/\/api.w.org\/{rel}","templated":true}]}}